{"id":5069,"date":"2023-12-29T15:58:45","date_gmt":"2023-12-29T14:58:45","guid":{"rendered":"https:\/\/kurikulum.aidetem.cz\/vizualizacia-koncepcie-ucebnych-osnov-umelej-inteligencie\/"},"modified":"2025-03-15T18:30:41","modified_gmt":"2025-03-15T17:30:41","slug":"vizualizacia-koncepcie-ucebnych-osnov-umelej-inteligencie","status":"publish","type":"page","link":"https:\/\/kurikulum.aidetem.cz\/sk\/vizualizacia-koncepcie-ucebnych-osnov-umelej-inteligencie\/","title":{"rendered":"Vizualiz\u00e1cia koncepcie u\u010debn\u00fdch osnov umelej inteligencie"},"content":{"rendered":"\t\t<div data-elementor-type=\"wp-page\" data-elementor-id=\"5069\" class=\"elementor elementor-5069 elementor-697\" data-elementor-post-type=\"page\">\n\t\t\t\t\t\t<section class=\"elementor-section elementor-top-section elementor-element elementor-element-58459e71 elementor-section-boxed elementor-section-height-default elementor-section-height-default\" data-id=\"58459e71\" data-element_type=\"section\" data-e-type=\"section\">\n\t\t\t\t\t\t<div class=\"elementor-container elementor-column-gap-default\">\n\t\t\t\t\t<div class=\"elementor-column elementor-col-100 elementor-top-column elementor-element elementor-element-27053ce6\" data-id=\"27053ce6\" data-element_type=\"column\" data-e-type=\"column\">\n\t\t\t<div class=\"elementor-widget-wrap elementor-element-populated\">\n\t\t\t\t\t\t<div class=\"elementor-element elementor-element-1764606a elementor-hidden-mobile elementor-widget elementor-widget-spacer\" data-id=\"1764606a\" data-element_type=\"widget\" data-e-type=\"widget\" data-widget_type=\"spacer.default\">\n\t\t\t\t<div class=\"elementor-widget-container\">\n\t\t\t\t\t\t\t<div class=\"elementor-spacer\">\n\t\t\t<div class=\"elementor-spacer-inner\"><\/div>\n\t\t<\/div>\n\t\t\t\t\t\t<\/div>\n\t\t\t\t<\/div>\n\t\t\t\t<div class=\"elementor-element elementor-element-75378c2a elementor-widget elementor-widget-heading\" data-id=\"75378c2a\" data-element_type=\"widget\" data-e-type=\"widget\" data-widget_type=\"heading.default\">\n\t\t\t\t<div class=\"elementor-widget-container\">\n\t\t\t\t\t<h1 class=\"elementor-heading-title elementor-size-default\">Vizualizovan\u00fd koncept u\u010debn\u00fdch osnov umelej inteligencie<\/h1>\t\t\t\t<\/div>\n\t\t\t\t<\/div>\n\t\t\t\t<div class=\"elementor-element elementor-element-6a62d322 elementor-widget elementor-widget-heading\" data-id=\"6a62d322\" data-element_type=\"widget\" data-e-type=\"widget\" data-widget_type=\"heading.default\">\n\t\t\t\t<div class=\"elementor-widget-container\">\n\t\t\t\t\t<h4 class=\"elementor-heading-title elementor-size-default\">V\u010faka tejto vizualiz\u00e1cii koncepcie u\u010debn\u00fdch osnov AI m\u00f4\u017eete vidie\u0165 prepojenie medzi r\u00f4znymi metodick\u00fdmi materi\u00e1lmi a \u0161tandardmi P\u00e4\u0165 ve\u013ek\u00fdch my\u0161lienok, r\u00e1mcom Digit\u00e1lne kompetencie 2023, Bloomovou taxon\u00f3miou a nesk\u00f4r RVP. Na grafe znalost\u00ed st\u00e1le pracujeme a prid\u00e1vame prepojenia pod\u013ea toho, ako sa metodick\u00e9 materi\u00e1ly vyv\u00edjaj\u00fa. <\/h4>\t\t\t\t<\/div>\n\t\t\t\t<\/div>\n\t\t\t\t<div class=\"elementor-element elementor-element-8ebdd86 elementor-widget elementor-widget-heading\" data-id=\"8ebdd86\" data-element_type=\"widget\" data-e-type=\"widget\" data-widget_type=\"heading.default\">\n\t\t\t\t<div class=\"elementor-widget-container\">\n\t\t\t\t\t<h4 class=\"elementor-heading-title elementor-size-default\">Graf znalost\u00ed je vlo\u017een\u00fd pod str\u00e1nkou. O nie\u010do kraj\u0161ie zobrazenie je v\u0161ak priamo na str\u00e1nke n\u00e1stroja Kumu. <\/h4>\t\t\t\t<\/div>\n\t\t\t\t<\/div>\n\t\t\t\t<div class=\"elementor-element elementor-element-466e14e elementor-widget elementor-widget-button\" data-id=\"466e14e\" data-element_type=\"widget\" data-e-type=\"widget\" data-widget_type=\"button.default\">\n\t\t\t\t<div class=\"elementor-widget-container\">\n\t\t\t\t\t\t\t\t\t<div class=\"elementor-button-wrapper\">\n\t\t\t\t\t<a class=\"elementor-button elementor-button-link elementor-size-sm\" href=\"https:\/\/kumu.io\/aidetem\/ai-kurikulum#ai-kurikulum\" target=\"_blank\">\n\t\t\t\t\t\t<span class=\"elementor-button-content-wrapper\">\n\t\t\t\t\t\t\t\t\t<span class=\"elementor-button-text\">Prejs\u0165 na Kumu<\/span>\n\t\t\t\t\t<\/span>\n\t\t\t\t\t<\/a>\n\t\t\t\t<\/div>\n\t\t\t\t\t\t\t\t<\/div>\n\t\t\t\t<\/div>\n\t\t\t\t\t<\/div>\n\t\t<\/div>\n\t\t\t\t\t<\/div>\n\t\t<\/section>\n\t\t\t\t<section class=\"elementor-section elementor-top-section elementor-element elementor-element-63bf1de2 elementor-section-height-min-height elementor-section-stretched elementor-section-boxed elementor-section-height-default elementor-section-items-middle\" data-id=\"63bf1de2\" data-element_type=\"section\" data-e-type=\"section\" data-settings=\"{&quot;stretch_section&quot;:&quot;section-stretched&quot;}\">\n\t\t\t\t\t\t<div class=\"elementor-container elementor-column-gap-default\">\n\t\t\t\t\t<div class=\"elementor-column elementor-col-100 elementor-top-column elementor-element elementor-element-1ee82f24\" data-id=\"1ee82f24\" data-element_type=\"column\" data-e-type=\"column\">\n\t\t\t<div class=\"elementor-widget-wrap elementor-element-populated\">\n\t\t\t\t\t\t<div class=\"elementor-element elementor-element-e35ce9d elementor-widget elementor-widget-spacer\" data-id=\"e35ce9d\" data-element_type=\"widget\" data-e-type=\"widget\" data-widget_type=\"spacer.default\">\n\t\t\t\t<div class=\"elementor-widget-container\">\n\t\t\t\t\t\t\t<div class=\"elementor-spacer\">\n\t\t\t<div class=\"elementor-spacer-inner\"><\/div>\n\t\t<\/div>\n\t\t\t\t\t\t<\/div>\n\t\t\t\t<\/div>\n\t\t\t\t<div class=\"elementor-element elementor-element-d36eb25 elementor-widget elementor-widget-html\" data-id=\"d36eb25\" data-element_type=\"widget\" data-e-type=\"widget\" data-widget_type=\"html.default\">\n\t\t\t\t<div class=\"elementor-widget-container\">\n\t\t\t\t\t<iframe src=\"https:\/\/embed.kumu.io\/035a7c99b20337eb3ee727cdeb7d9020\" width=\"940\" height=\"640\" frameborder=\"0\"><\/iframe>\n\t\t\t\t<\/div>\n\t\t\t\t<\/div>\n\t\t\t\t<div class=\"elementor-element elementor-element-08146b7 elementor-widget elementor-widget-button\" data-id=\"08146b7\" data-element_type=\"widget\" data-e-type=\"widget\" data-widget_type=\"button.default\">\n\t\t\t\t<div class=\"elementor-widget-container\">\n\t\t\t\t\t\t\t\t\t<div class=\"elementor-button-wrapper\">\n\t\t\t\t\t<a class=\"elementor-button elementor-button-link elementor-size-sm\" href=\"https:\/\/kurikulum.aidetem.cz\/sk\/\">\n\t\t\t\t\t\t<span class=\"elementor-button-content-wrapper\">\n\t\t\t\t\t\t\t\t\t<span class=\"elementor-button-text\">Prejs\u0165 na domovsk\u00fa str\u00e1nku<\/span>\n\t\t\t\t\t<\/span>\n\t\t\t\t\t<\/a>\n\t\t\t\t<\/div>\n\t\t\t\t\t\t\t\t<\/div>\n\t\t\t\t<\/div>\n\t\t\t\t<div class=\"elementor-element elementor-element-2212255f elementor-widget elementor-widget-spacer\" data-id=\"2212255f\" data-element_type=\"widget\" data-e-type=\"widget\" data-widget_type=\"spacer.default\">\n\t\t\t\t<div class=\"elementor-widget-container\">\n\t\t\t\t\t\t\t<div class=\"elementor-spacer\">\n\t\t\t<div class=\"elementor-spacer-inner\"><\/div>\n\t\t<\/div>\n\t\t\t\t\t\t<\/div>\n\t\t\t\t<\/div>\n\t\t\t\t\t<\/div>\n\t\t<\/div>\n\t\t\t\t\t<\/div>\n\t\t<\/section>\n\t\t\t\t<\/div>\n\t\t","protected":false},"excerpt":{"rendered":"<p>Vizualizovan\u00fd koncept u\u010debn\u00fdch osnov umelej inteligencie V\u010faka tejto vizualiz\u00e1cii koncepcie u\u010debn\u00fdch osnov AI m\u00f4\u017eete vidie\u0165 prepojenie medzi r\u00f4znymi metodick\u00fdmi materi\u00e1lmi a \u0161tandardmi P\u00e4\u0165 ve\u013ek\u00fdch my\u0161lienok, r\u00e1mcom Digit\u00e1lne kompetencie 2023, Bloomovou taxon\u00f3miou a nesk\u00f4r RVP. Na grafe znalost\u00ed st\u00e1le pracujeme a prid\u00e1vame prepojenia pod\u013ea toho, ako sa metodick\u00e9 materi\u00e1ly vyv\u00edjaj\u00fa. Graf znalost\u00ed je vlo\u017een\u00fd pod str\u00e1nkou. [&hellip;]<\/p>\n","protected":false},"author":1,"featured_media":0,"parent":0,"menu_order":0,"comment_status":"closed","ping_status":"closed","template":"","meta":{"footnotes":""},"class_list":["post-5069","page","type-page","status-publish","hentry"],"yoast_head":"<!-- This site is optimized with the Yoast SEO plugin v27.5 - https:\/\/yoast.com\/product\/yoast-seo-wordpress\/ -->\n<title>Vizualiz\u00e1cia koncepcie u\u010debn\u00fdch osnov umelej inteligencie<\/title>\n<meta name=\"description\" content=\"Pomocou tejto vizualiz\u00e1cie koncepcie u\u010debn\u00fdch osnov AI si m\u00f4\u017eete pozrie\u0165 prepojenia medzi metodick\u00fdmi materi\u00e1lmi a jednotliv\u00fdmi \u0161tandardmi a r\u00e1mcami.\" \/>\n<meta name=\"robots\" content=\"index, follow, max-snippet:-1, max-image-preview:large, max-video-preview:-1\" \/>\n<link rel=\"canonical\" href=\"https:\/\/kurikulum.aidetem.cz\/sk\/vizualizacia-koncepcie-ucebnych-osnov-umelej-inteligencie\/\" \/>\n<meta property=\"og:locale\" content=\"sk_SK\" \/>\n<meta property=\"og:type\" content=\"article\" \/>\n<meta property=\"og:title\" content=\"Vizualiz\u00e1cia koncepcie u\u010debn\u00fdch osnov umelej inteligencie\" \/>\n<meta property=\"og:description\" content=\"Pomocou tejto vizualiz\u00e1cie koncepcie u\u010debn\u00fdch osnov AI si m\u00f4\u017eete pozrie\u0165 prepojenia medzi metodick\u00fdmi materi\u00e1lmi a jednotliv\u00fdmi \u0161tandardmi a r\u00e1mcami.\" \/>\n<meta property=\"og:url\" content=\"https:\/\/kurikulum.aidetem.cz\/sk\/vizualizacia-koncepcie-ucebnych-osnov-umelej-inteligencie\/\" \/>\n<meta property=\"og:site_name\" content=\"Kurikulum um\u011bl\u00e9 inteligence pro z\u00e1kladn\u00ed a st\u0159edn\u00ed \u0161koly\" \/>\n<meta property=\"article:modified_time\" content=\"2025-03-15T17:30:41+00:00\" \/>\n<meta property=\"og:image\" content=\"https:\/\/kurikulum.aidetem.cz\/wp-content\/uploads\/2023\/12\/1-1024x538.jpg\" \/>\n<meta name=\"twitter:card\" content=\"summary_large_image\" \/>\n<meta name=\"twitter:label1\" content=\"Predpokladan\u00fd \u010das \u010d\u00edtania\" \/>\n\t<meta name=\"twitter:data1\" content=\"1 min\u00fata\" \/>\n<script type=\"application\/ld+json\" class=\"yoast-schema-graph\">{\"@context\":\"https:\\\/\\\/schema.org\",\"@graph\":[{\"@type\":\"WebPage\",\"@id\":\"https:\\\/\\\/kurikulum.aidetem.cz\\\/sk\\\/vizualizacia-koncepcie-ucebnych-osnov-umelej-inteligencie\\\/\",\"url\":\"https:\\\/\\\/kurikulum.aidetem.cz\\\/sk\\\/vizualizacia-koncepcie-ucebnych-osnov-umelej-inteligencie\\\/\",\"name\":\"Vizualiz\u00e1cia koncepcie u\u010debn\u00fdch osnov umelej inteligencie\",\"isPartOf\":{\"@id\":\"https:\\\/\\\/kurikulum.aidetem.cz\\\/sk\\\/#website\"},\"datePublished\":\"2023-12-29T14:58:45+00:00\",\"dateModified\":\"2025-03-15T17:30:41+00:00\",\"description\":\"Pomocou tejto vizualiz\u00e1cie koncepcie u\u010debn\u00fdch osnov AI si m\u00f4\u017eete pozrie\u0165 prepojenia medzi metodick\u00fdmi materi\u00e1lmi a jednotliv\u00fdmi \u0161tandardmi a r\u00e1mcami.\",\"inLanguage\":\"sk-SK\",\"potentialAction\":[{\"@type\":\"ReadAction\",\"target\":[\"https:\\\/\\\/kurikulum.aidetem.cz\\\/sk\\\/vizualizacia-koncepcie-ucebnych-osnov-umelej-inteligencie\\\/\"]}]},{\"@type\":\"WebSite\",\"@id\":\"https:\\\/\\\/kurikulum.aidetem.cz\\\/sk\\\/#website\",\"url\":\"https:\\\/\\\/kurikulum.aidetem.cz\\\/sk\\\/\",\"name\":\"Kurikulum um\u011bl\u00e9 inteligence pro z\u00e1kladn\u00ed a st\u0159edn\u00ed \u0161koly\",\"description\":\"AI kurikulum pro Z\u0160 a S\u0160\",\"potentialAction\":[{\"@type\":\"SearchAction\",\"target\":{\"@type\":\"EntryPoint\",\"urlTemplate\":\"https:\\\/\\\/kurikulum.aidetem.cz\\\/sk\\\/?s={search_term_string}\"},\"query-input\":{\"@type\":\"PropertyValueSpecification\",\"valueRequired\":true,\"valueName\":\"search_term_string\"}}],\"inLanguage\":\"sk-SK\"}]}<\/script>\n<!-- \/ Yoast SEO plugin. -->","yoast_head_json":{"title":"Vizualiz\u00e1cia koncepcie u\u010debn\u00fdch osnov umelej inteligencie","description":"Pomocou tejto vizualiz\u00e1cie koncepcie u\u010debn\u00fdch osnov AI si m\u00f4\u017eete pozrie\u0165 prepojenia medzi metodick\u00fdmi materi\u00e1lmi a jednotliv\u00fdmi \u0161tandardmi a r\u00e1mcami.","robots":{"index":"index","follow":"follow","max-snippet":"max-snippet:-1","max-image-preview":"max-image-preview:large","max-video-preview":"max-video-preview:-1"},"canonical":"https:\/\/kurikulum.aidetem.cz\/sk\/vizualizacia-koncepcie-ucebnych-osnov-umelej-inteligencie\/","og_locale":"sk_SK","og_type":"article","og_title":"Vizualiz\u00e1cia koncepcie u\u010debn\u00fdch osnov umelej inteligencie","og_description":"Pomocou tejto vizualiz\u00e1cie koncepcie u\u010debn\u00fdch osnov AI si m\u00f4\u017eete pozrie\u0165 prepojenia medzi metodick\u00fdmi materi\u00e1lmi a jednotliv\u00fdmi \u0161tandardmi a r\u00e1mcami.","og_url":"https:\/\/kurikulum.aidetem.cz\/sk\/vizualizacia-koncepcie-ucebnych-osnov-umelej-inteligencie\/","og_site_name":"Kurikulum um\u011bl\u00e9 inteligence pro z\u00e1kladn\u00ed a st\u0159edn\u00ed \u0161koly","article_modified_time":"2025-03-15T17:30:41+00:00","og_image":[{"url":"https:\/\/kurikulum.aidetem.cz\/wp-content\/uploads\/2023\/12\/1-1024x538.jpg","type":"","width":"","height":""}],"twitter_card":"summary_large_image","twitter_misc":{"Predpokladan\u00fd \u010das \u010d\u00edtania":"1 min\u00fata"},"schema":{"@context":"https:\/\/schema.org","@graph":[{"@type":"WebPage","@id":"https:\/\/kurikulum.aidetem.cz\/sk\/vizualizacia-koncepcie-ucebnych-osnov-umelej-inteligencie\/","url":"https:\/\/kurikulum.aidetem.cz\/sk\/vizualizacia-koncepcie-ucebnych-osnov-umelej-inteligencie\/","name":"Vizualiz\u00e1cia koncepcie u\u010debn\u00fdch osnov umelej inteligencie","isPartOf":{"@id":"https:\/\/kurikulum.aidetem.cz\/sk\/#website"},"datePublished":"2023-12-29T14:58:45+00:00","dateModified":"2025-03-15T17:30:41+00:00","description":"Pomocou tejto vizualiz\u00e1cie koncepcie u\u010debn\u00fdch osnov AI si m\u00f4\u017eete pozrie\u0165 prepojenia medzi metodick\u00fdmi materi\u00e1lmi a jednotliv\u00fdmi \u0161tandardmi a r\u00e1mcami.","inLanguage":"sk-SK","potentialAction":[{"@type":"ReadAction","target":["https:\/\/kurikulum.aidetem.cz\/sk\/vizualizacia-koncepcie-ucebnych-osnov-umelej-inteligencie\/"]}]},{"@type":"WebSite","@id":"https:\/\/kurikulum.aidetem.cz\/sk\/#website","url":"https:\/\/kurikulum.aidetem.cz\/sk\/","name":"Kurikulum um\u011bl\u00e9 inteligence pro z\u00e1kladn\u00ed a st\u0159edn\u00ed \u0161koly","description":"AI kurikulum pro Z\u0160 a S\u0160","potentialAction":[{"@type":"SearchAction","target":{"@type":"EntryPoint","urlTemplate":"https:\/\/kurikulum.aidetem.cz\/sk\/?s={search_term_string}"},"query-input":{"@type":"PropertyValueSpecification","valueRequired":true,"valueName":"search_term_string"}}],"inLanguage":"sk-SK"}]}},"_links":{"self":[{"href":"https:\/\/kurikulum.aidetem.cz\/sk\/wp-json\/wp\/v2\/pages\/5069","targetHints":{"allow":["GET"]}}],"collection":[{"href":"https:\/\/kurikulum.aidetem.cz\/sk\/wp-json\/wp\/v2\/pages"}],"about":[{"href":"https:\/\/kurikulum.aidetem.cz\/sk\/wp-json\/wp\/v2\/types\/page"}],"author":[{"embeddable":true,"href":"https:\/\/kurikulum.aidetem.cz\/sk\/wp-json\/wp\/v2\/users\/1"}],"replies":[{"embeddable":true,"href":"https:\/\/kurikulum.aidetem.cz\/sk\/wp-json\/wp\/v2\/comments?post=5069"}],"version-history":[{"count":1,"href":"https:\/\/kurikulum.aidetem.cz\/sk\/wp-json\/wp\/v2\/pages\/5069\/revisions"}],"predecessor-version":[{"id":5070,"href":"https:\/\/kurikulum.aidetem.cz\/sk\/wp-json\/wp\/v2\/pages\/5069\/revisions\/5070"}],"wp:attachment":[{"href":"https:\/\/kurikulum.aidetem.cz\/sk\/wp-json\/wp\/v2\/media?parent=5069"}],"curies":[{"name":"wp","href":"https:\/\/api.w.org\/{rel}","templated":true}]}}